{"id":349,"date":"2023-05-12T07:14:24","date_gmt":"2023-05-12T07:14:24","guid":{"rendered":"https:\/\/verein-volkeningheim.de\/?page_id=349"},"modified":"2024-04-05T14:49:12","modified_gmt":"2024-04-05T14:49:12","slug":"erhalt-volkeningheim-pressemitteilungen","status":"publish","type":"page","link":"https:\/\/verein-volkeningheim.de\/?page_id=349","title":{"rendered":"Presse und WDR"},"content":{"rendered":"\n<p class=\"has-text-align-center\"><a href=\"https:\/\/verein-volkeningheim.de\/?page_id=347\">Zur\u00fcck zur \u00dcbersicht (Link)<\/a><\/p>\n\n\n\n<p class=\"has-large-font-size\"><strong>Pressemitteilung vom 05.04.2024<\/strong><\/p>\n\n\n\n<div data-wp-interactive=\"core\/file\" class=\"wp-block-file\"><object data-wp-bind--hidden=\"!state.hasPdfPreview\" hidden class=\"wp-block-file__embed\" data=\"https:\/\/verein-volkeningheim.de\/wp-content\/uploads\/2024\/04\/Pressemitteilung_Zukunftschance-Volkeningheim_05-04-2024.pdf\" type=\"application\/pdf\" style=\"width:100%;height:600px\" aria-label=\"Einbettung von Pressemitteilung_Zukunftschance-Volkeningheim_05-04-2024.\"><\/object><a id=\"wp-block-file--media-92480b73-6b9a-4e9a-8733-22dddd027231\" href=\"https:\/\/verein-volkeningheim.de\/wp-content\/uploads\/2024\/04\/Pressemitteilung_Zukunftschance-Volkeningheim_05-04-2024.pdf\">Pressemitteilung_Zukunftschance-Volkeningheim_05-04-2024<\/a><a href=\"https:\/\/verein-volkeningheim.de\/wp-content\/uploads\/2024\/04\/Pressemitteilung_Zukunftschance-Volkeningheim_05-04-2024.pdf\" class=\"wp-block-file__button wp-element-button\" download aria-describedby=\"wp-block-file--media-92480b73-6b9a-4e9a-8733-22dddd027231\">Herunterladen<\/a><\/div>\n\n\n\n<hr class=\"wp-block-separator has-alpha-channel-opacity\"\/>\n\n\n\n<p>Lesen Sie unten unsere Pressemitteilungen.<\/p>\n\n\n\n<p>Hier geht es zum Beitrag \u00fcber das Volkeningheim in der <a href=\"https:\/\/www.ardmediathek.de\/video\/Y3JpZDovL3dkci5kZS9CZWl0cmFnLWRmZmQ0N2VlLTI5NDAtNGE0OC05OGIxLWM1ZDAwZDdhZjE1YQ\"><strong>WDR Lokalzeit M\u00fcnsterland<\/strong> (Link zu ardmediathek.de)<\/a> (ab Minute 14:51)<\/p>\n\n\n\n<p><\/p>\n\n\n\n<p>Lesen Sie au\u00dferdem die Hauptartikel aus der WN (weitere Artikel und Leserbriefe erscheinen momentan fast t\u00e4glich in der Print-Ausgabe):   <\/p>\n\n\n\n<p><\/p>\n\n\n\n<p>25.05.2023: <a href=\"https:\/\/www.wn.de\/muenster\/volkeningheim-wohnheim-schliessung-reaktion-erleichterung-2762929\"><strong>Erleichterung \u00fcber Aufschub f\u00fcr Schlie\u00dfungsbeschluss<\/strong> (Link zu wn.de)<\/a><br>24.05.2023: <a href=\"https:\/\/www.wn.de\/muenster\/volkeningheim-wohnheim-synode-entscheidung-kein-beschluss-zukunft-2762451\"><strong>Kirche fasst keinen Schlie\u00dfungs-Beschluss<\/strong> (Link zu wn.de)<\/a><br>20.05.2023: <a href=\"https:\/\/www.wn.de\/muenster\/kein-dialog-keine-transparenz-2759557\"><strong>Entt\u00e4uschend wenig Transparenz<\/strong> (Link zu wn.de)<\/a><br>17.05.2023:<strong> <a href=\"https:\/\/www.wn.de\/muenster\/schliessung-wohnheim-breul-volkeningheim-kirche-2758229\">M\u00fcnster: Schlie\u00dfung des Volkeningheims erhitzt die Gem\u00fcter<\/a><\/strong><a href=\"https:\/\/www.wn.de\/muenster\/schliessung-wohnheim-breul-volkeningheim-kirche-2758229\"> (Link zu wn.de)<\/a><br>12.05.2023: <a href=\"https:\/\/www.wn.de\/muenster\/kirche-will-studierendenwohnheim-aufgeben-2754440\" data-type=\"URL\" data-id=\"https:\/\/www.wn.de\/muenster\/kirche-will-studierendenwohnheim-aufgeben-2754440\"><strong>Kirche will Studierendenwohnheim aufgeben<\/strong> (Link zu wn.de)<\/a><\/p>\n\n\n\n<hr class=\"wp-block-separator has-alpha-channel-opacity\"\/>\n\n\n\n<p><strong>Pressemitteilung und weiterf\u00fchrende Informationen (s.u.)<\/strong><\/p>\n\n\n\n<p><\/p>\n\n\n\n<p>M\u00fcnster, 24. Mai 2023<\/p>\n\n\n\n<p><strong>Dankbar \u00fcber den vorerst abgewendeten Beschluss zur Schlie\u00dfung des \u00d6kumenischen Volkeningheims<\/strong><\/p>\n\n\n\n<p>Am Mittwoch hat sich die Synode der Evangelischen Kirche von Westfalen (EKvW) gegen einen Beschluss zur Schlie\u00dfung des \u00d6kumenischen Volkeningheims ausgesprochen. Nach intensiven Diskussionen gab es den Beschluss, dass sich eine Arbeitsgruppe unter der Leitung von Sigrid Beer, Mitglied der Kirchenleitung, mit den M\u00f6glichkeiten zum Erhalt des Studierendenwohnheims auseinandersetzt und bis Ende des Jahres alternative Finanzierungskonzepte entwickelt, die ohne Zahlungen aus Mitteln der Landeskirche auskommen. Mitglieder der Arbeitsgruppe werden auch Vertreterinnen und Vertreter des \u00d6kumenischen Volkeningheims sein.<\/p>\n\n\n\n<p>Der Verein der Freundinnen und Freunde des \u00d6kumenischen Volkeningheims sowie die aktuellen Bewohnerinnen und Bewohner sind dankbar, dass sie auf der Synode Geh\u00f6r gefunden haben, es Raum f\u00fcr Gespr\u00e4che und Austausch gab und insbesondere auch f\u00fcr das Ergebnis, sich nun an der Entwicklung von Perspektiven beteiligen zu d\u00fcrfen. \u201eWir sind noch immer \u00fcberw\u00e4ltigt von der gro\u00dfen Resonanz und Unterst\u00fctzung, die wir in den letzten zwei Wochen erfahren haben. Daf\u00fcr m\u00f6chten wir uns bei allen Unterst\u00fctzenden bedanken, sowohl bei den evangelischen Akteuren wie dem GeK, der Bundes ESG und den Synodalen, die unser Anliegen mit getragen habe, der Stadt M\u00fcnster, den Parteien und dem AStA als auch bei allen Privatpersonen, die Briefe geschrieben oder unsere Petition unterst\u00fctzt haben!\u201c, so der Vorstand des Vereins der Freundinnen und Freunde des \u00d6kumenischen Volkeningheims e.V.<\/p>\n\n\n\n<p>Auch wenn sie sich der ernsten finanziellen Situation der EKvW bewusst sind, nehmen sie mit dem Beschluss auch eine Entscheidung wahr, jungen Menschen Raum zur Mitgestaltung in der Kirche zu geben. Die Vertreterinnen und Vertreter des Wohnheims freuen sich auf die Zusammenarbeit und die Entwicklung von Perspektiven mit Frau Beer, damit das Leuchtturmprojekt \u00d6kumenisches Volkeningheim weit in die Zukunft Heimat f\u00fcr Studierende bietet.<\/p>\n\n\n\n<p><\/p>\n\n\n\n<p><\/p>\n\n\n\n<p><\/p>\n\n\n\n<p>M\u00fcnster, 14.05.2023<br><br><strong>\u00d6kumenisches Volkeningheim und Verein setzen sich f\u00fcr Erhalt von Wohnraum ein<\/strong><br><br>Bei traumhaftem Wetter protestierten die aktuellen und ehemaligen Bewohner*innen des \u00d6kumenischen Volkeningheims am Wochenende gegen die geplante Schlie\u00dfung des Hauses. Unter anderem fanden Samstagmorgen eine Solidarit\u00e4tsaktion mit Kuchen und kleinen Konzerten im Wohnheimsvorgarten und die Mitgliederversammlung des Vereins statt. Viele Marktbesucher hielten an, um sich zu informieren und unterzeichneten eine Petition f\u00fcr den Erhalt des Wohnheims, die mittlerweile mehr als 1000 Unterschriften enth\u00e4lt (Stand Sonntag, 14.05.2023, um 08:30 Uhr).&nbsp;<\/p>\n\n\n\n<p>In einer Stellungnahme des Vereins des \u00d6kumenischen Volkeningheims e.V. kritisiert der Vorstand in erster Linie die Kommunikation der Evangelischen Kirche von Westfalen. Seit nunmehr sechs Jahren setzten sich der Verein und aktuelle Bewohner f\u00fcr einen konstruktiven Prozess um das Haus ein. Geplant war in diesem Rahmen ein Neubau des Wohnheims gemeinsam mit weiteren Einrichtungen am gleichen Standort, f\u00fcr den Ehrenamtliche konstruktiv an Konzepten mitgearbeitet haben. Noch im November 2022 hie\u00df es auf Nachfrage von der Landeskirche, der Neubau sei trotz der aktuellen gesamtwirtschaftlichen Lage und Herausforderungen fest eingeplant.&nbsp;<\/p>\n\n\n\n<p>\u201eDass Kirche studentischen, internationalen Wohnraum abst\u00f6\u00dft, ohne m\u00f6gliche alternative Konzepte zu durchdenken und betreffende Ehrenamtliche offen einzubeziehen, halten wir f\u00fcr fragw\u00fcrdig\u201c, so Mira von der Linde vom Vereinsvorstand.&nbsp;<\/p>\n\n\n\n<p>Wirtschaftliche Gr\u00fcnde f\u00fcr die Schlie\u00dfung zu nennen, h\u00e4lt der Verein f\u00fcr zu kurz gedacht: In einem transparenten Strukturierungsprozess h\u00e4tten Ehren- und Hauptamtliche gemeinsam L\u00f6sungen zur Finanzierung entwickeln k\u00f6nnen. Diesem hat sich die Kirche jedoch versperrt. Auch auf Nachfrage teilt die Kirche die finanziellen Daten des Hauses seit 2018 nicht mehr. Sinnvoll w\u00e4ren aus Sicht des Vereins eine fr\u00fchzeitige Beteiligung, eine Abgabe im Erbbaurecht oder ein Verkauf an andere soziale Tr\u00e4gerschaften mit dem Ziel, studentischen Wohnraum zu erhalten, wenn kircheneigene Gelder nicht zur Finanzierung ausreichen. Dies k\u00f6nne nur durch fr\u00fchzeitige, ehrliche und transparente Kommunikation erreicht werden, die der Verein in diesem Prozess bei der Kirche vermisst.&nbsp;<\/p>\n\n\n\n<p>Dass die Landeskirche jetzt sogar eine Raumgarantie f\u00fcr die Evangelische Studierendengemeinde in der Innenstadt in Frage stellt, schockiert die ehrenamtlichen Beteiligten. Dies bedeute eine weitere Marginalisierung der Gruppe der 18- bis 30-J\u00e4hrigen in der Kirche und zeige, dass kurzfristige wirtschaftliche Profite durch einen Verkauf scheinbar bevorzugt werden.&nbsp;<\/p>\n\n\n\n<p>Der Verein zeigt sich trotz der j\u00fcngsten Erfahrungen offen f\u00fcr Gespr\u00e4che. \u201eWir hoffen weiterhin auf einen Dialog mit der EKvW, um L\u00f6sungen f\u00fcr den Erhalt des Hauses zu finden\u201c, so Mira von der Linde.<\/p>\n\n\n\n<p>Au\u00dferdem seien insbesondere bis zur Synode der EKvW noch weitere Aktionen im und um das Volkeningheim geplant. Verein und Wohnheim laden am Mittwoch, den 17. Mai, zu einer Andacht und einem Benefizkonzert ein. Genauere Informationen hierzu folgen noch.<\/p>\n\n\n\n<p><\/p>\n\n\n\n<p><\/p>\n\n\n\n<p><\/p>\n\n\n\n<p>M\u00fcnster, 10. Mai 2023<\/p>\n\n\n\n<p><em>Das \u00d6kumenische Volkeningheim der Evangelischen Kirche von Westfalen soll geschlossen werden<\/em><\/p>\n\n\n\n<p><strong>Studentischer Wohnraum wird weiter verknappt<\/strong><\/p>\n\n\n\n<p>Das \u201e\u00d6kumenische Volkeningheim\u201c, ein Studierendenwohnheim im Zentrum M\u00fcnsters, soll zu Ende September 2024 geschlossen werden. Diesen Beschluss m\u00f6chte die Kirchenleitung der Evangelischen Kirche von Westfalen (EKvW) noch im Mai 2023 fassen. Aktuelle und ehemalige Bewohner*innen sowie weitere Unterst\u00fctzer*innen kritisieren diese Absicht scharf und setzen sich daf\u00fcr ein, die Schlie\u00dfung zu verhindern.&nbsp;<\/p>\n\n\n\n<p>In einer Zeit von steigenden Mieten, Wohnungsmangel und Armut unter Studierenden sehen sie eine Schlie\u00dfung als falsches Zeichen der Kirche. Das Wohnheim sei ein Leuchtturmprojekt. Daf\u00fcr, dass das Wohnheim ein Ort ist, an dem verschiedenste Nationalit\u00e4ten gemeinsam leben und von- und miteinander lernen, sorgt neben einer lebendigen Hausgemeinschaft die feste Regelung, jedes Semester eine H\u00e4lfte internationale und eine H\u00e4lfte deutsche Studierende aufzunehmen. \u201eMit der Schlie\u00dfung des Hauses w\u00fcrde nicht nur sozialer Wohnraum, sondern auch ein Projekt gelebter Integration, Interreligiosit\u00e4t und Vielfalt verloren gehen\u201c, so der Vorstand des Vereins der Freundinnen und Freunde des \u00d6kumenischen Volkeningheims e.V.&nbsp;<\/p>\n\n\n\n<p>Aus Sicht des Vereins sei die Entscheidung der Schlie\u00dfung eine Frage der politischen Priorisierung der Landeskirche, finanzielle Einsparungen ausgerechnet im Bereich studentischen Wohnraums und in der Arbeit mit jungen Erwachsenen vorzunehmen.&nbsp;<\/p>\n\n\n\n<p>Die Unterst\u00fctzer*innen des Wohnheims betonen, dass das Schaffen von Freir\u00e4umen der Zusammenkunft der Altersgruppe von 18- bis 30-J\u00e4hrigen in einem christlichen Haus eine wichtige Grundlage f\u00fcr die Kirche ist, die schon jetzt Nachwuchsprobleme hat. Die Evangelische Studierendengemeinde, die ebenfalls im Wohnheimsgeb\u00e4ude untergebracht ist, und das Volkeningheim profitieren in der aktuellen Konstellation gegenseitig voneinander.&nbsp;<\/p>\n\n\n\n<p><strong>Kontakt:&nbsp;<\/strong><\/p>\n\n\n\n<p>Verein der Freundinnen und Freunde des \u00d6kumenischen Volkeningheims e.V<br><a href=\"mailto:vorstand@verein-volkeningheim.de\">vorstand@verein-volkeningheim.de<\/a><\/p>\n\n\n\n<p><\/p>\n\n\n\n<p><strong>Leitbild des Hauses und in der Gallerie weitere Impressionen inkl. Video der Bewohner*innen: <\/strong><a href=\"https:\/\/esg-muenster.de\/volkeningheim\">https:\/\/esg-muenster.de\/volkeningheim<\/a><\/p>\n\n\n\n<p><\/p>\n\n\n\n<p class=\"has-text-align-center\"><a href=\"https:\/\/verein-volkeningheim.de\/?page_id=347\">Zur\u00fcck zur \u00dcbersicht (Link)<\/a><\/p>\n","protected":false},"excerpt":{"rendered":"<p>Zur\u00fcck zur \u00dcbersicht (Link) Pressemitteilung vom 05.04.2024 Lesen Sie unten unsere Pressemitteilungen. Hier geht es zum Beitrag \u00fcber das Volkeningheim in der WDR Lokalzeit M\u00fcnsterland (Link zu ardmediathek.de) (ab Minute 14:51) Lesen Sie au\u00dferdem die Hauptartikel aus der WN (weitere Artikel und Leserbriefe erscheinen momentan fast t\u00e4glich in der Print-Ausgabe): 25.05.2023: Erleichterung \u00fcber Aufschub f\u00fcr Schlie\u00dfungsbeschluss (Link zu wn.de)24.05.2023: Kirche fasst keinen Schlie\u00dfungs-Beschluss (Link zu wn.de)20.05.2023: Entt\u00e4uschend wenig Transparenz (Link zu wn.de)17.05.2023: M\u00fcnster: Schlie\u00dfung des Volkeningheims erhitzt die Gem\u00fcter (Link&#8230;<\/p>\n<p class=\"read-more\"><a class=\"btn btn-default\" href=\"https:\/\/verein-volkeningheim.de\/?page_id=349\">Weiterlesen<span class=\"screen-reader-text\"> Weiterlesen<\/span><\/a><\/p>\n","protected":false},"author":1,"featured_media":0,"parent":0,"menu_order":0,"comment_status":"closed","ping_status":"closed","template":"","meta":{"footnotes":""},"class_list":["post-349","page","type-page","status-publish","hentry"],"_links":{"self":[{"href":"https:\/\/verein-volkeningheim.de\/index.php?rest_route=\/wp\/v2\/pages\/349","targetHints":{"allow":["GET"]}}],"collection":[{"href":"https:\/\/verein-volkeningheim.de\/index.php?rest_route=\/wp\/v2\/pages"}],"about":[{"href":"https:\/\/verein-volkeningheim.de\/index.php?rest_route=\/wp\/v2\/types\/page"}],"author":[{"embeddable":true,"href":"https:\/\/verein-volkeningheim.de\/index.php?rest_route=\/wp\/v2\/users\/1"}],"replies":[{"embeddable":true,"href":"https:\/\/verein-volkeningheim.de\/index.php?rest_route=%2Fwp%2Fv2%2Fcomments&post=349"}],"version-history":[{"count":16,"href":"https:\/\/verein-volkeningheim.de\/index.php?rest_route=\/wp\/v2\/pages\/349\/revisions"}],"predecessor-version":[{"id":537,"href":"https:\/\/verein-volkeningheim.de\/index.php?rest_route=\/wp\/v2\/pages\/349\/revisions\/537"}],"wp:attachment":[{"href":"https:\/\/verein-volkeningheim.de\/index.php?rest_route=%2Fwp%2Fv2%2Fmedia&parent=349"}],"curies":[{"name":"wp","href":"https:\/\/api.w.org\/{rel}","templated":true}]}}